{"id":1581,"date":"2020-01-31T22:03:09","date_gmt":"2020-01-31T22:03:09","guid":{"rendered":"http:\/\/ap-vf-lmo.ch\/wordpress\/?page_id=1581"},"modified":"2021-05-27T19:39:24","modified_gmt":"2021-05-27T19:39:24","slug":"die-regulierung-des-rueckfluss-systems-in-die-behandlung-integrieren","status":"publish","type":"page","link":"http:\/\/ap-vf-lmo.ch\/wordpress\/?page_id=1581&lang=de","title":{"rendered":"Die Regulierung des R\u00fcckfluss-Systems in die Behandlung integrieren"},"content":{"rendered":"\n<div class=\"wp-block-group\"><div class=\"wp-block-group__inner-container\"><div class=\"wp-block-group__inner-container\">\n<p style=\"padding-left: 40px;\"><strong><span style=\"font-weight: 600;\"><img loading=\"lazy\" class=\"wp-image-1590 alignleft\" src=\"http:\/\/ap-vf-lmo.ch\/wordpress\/wp-content\/uploads\/2020\/02\/Parlosteo-BSL-Signature-450x253-1-300x169.jpg\" alt=\"\" width=\"131\" height=\"74\" srcset=\"http:\/\/ap-vf-lmo.ch\/wordpress\/wp-content\/uploads\/2020\/02\/Parlosteo-BSL-Signature-450x253-1-300x169.jpg 300w, http:\/\/ap-vf-lmo.ch\/wordpress\/wp-content\/uploads\/2020\/02\/Parlosteo-BSL-Signature-450x253-1.jpg 450w\" sizes=\"(max-width: 131px) 100vw, 131px\" \/>PARLOSTEO <\/span><\/strong>stellt mit der<strong><span style=\"font-weight: 600;\"><br \/>\u00abRegulierung der Systeme\u00bb <\/span><\/strong>eine neue Sichtweise des Osteopathiekonzepts vor.<\/p>\n<p>\u00a0<\/p>\n<p><strong><br \/>Daten:<\/strong><\/p>\n<p><del>19.-21. Juni 2020<\/del> wegen Coronakrise verschoben auf \u00a0<del>4. M\u00e4rz &#8211; 6. M\u00e4rz 2021<\/del>.\u00a0<\/p>\n<p><strong>Donnerstag 1. &#8211; Samstag 3. Juli 2021<\/strong><\/p>\n<p><strong>Zeiten:<\/strong><\/p>\n<p>Morgens 08.45 &#8211; 12.15<br \/>Nachmittags 13.30 &#8211; 17.30<\/p>\n<p><strong>Attestierte Weiterbildungsstunden:<\/strong> 22.5 h Kategorie A<\/p>\n<p><strong>Kursort:<\/strong>\u00a0Thun<\/p>\n<ul>\n<li><a href=\"https:\/\/ap-vf-lmo.ch\/wordpress\/?page_id=1089&amp;lang=de\">Hotel Freienhof, Freienhofgasse 3, CH-3600 Thun<\/a><\/li>\n<\/ul>\n<p><strong>Preise:<\/strong><\/p>\n<p>650 CHF \/ 3 Tage: Mitglieder LMO Vereine <br data-rich-text-line-break=\"true\" \/>700 CHF \/ 3 Tage: Nichtmitglieder<br data-rich-text-line-break=\"true\" \/>450 CHF \/ 3 Tage: Studenten und angestellte Osteopathen im CH-Anerkennungsverfahren<\/p>\n<p><strong>Dozenten:<\/strong><\/p>\n<p><strong>Dr. med. Jacques Michaud<\/strong>, ehemaliger Spitalinternist, Osteopath D.O., Algesiologe, diplomiert in Akupunktur (F)<\/p>\n<p><img loading=\"lazy\" class=\"size-medium wp-image-1570 alignleft\" src=\"http:\/\/ap-vf-lmo.ch\/wordpress\/wp-content\/uploads\/2020\/01\/jacques-site-200x300.jpeg\" alt=\"\" width=\"200\" height=\"300\" srcset=\"http:\/\/ap-vf-lmo.ch\/wordpress\/wp-content\/uploads\/2020\/01\/jacques-site-200x300.jpeg 200w, http:\/\/ap-vf-lmo.ch\/wordpress\/wp-content\/uploads\/2020\/01\/jacques-site.jpeg 570w\" sizes=\"(max-width: 200px) 100vw, 200px\" \/><br \/><br class=\"clear\" \/><br \/>Dr. med. Jacques Michaud arbeitet als Osteopath in eigener Praxis in Roche sur Yon in Frankreich.<\/p>\n<p>Er ist Arzt und Dozent im Anatomielabor an der Medizinischen Fakult\u00e4t Nantes, Frankreich.<\/p>\n<p>Seit 2002 ist Dr. med. Michaud Referent und internationaler Dozent f\u00fcr LMO und Co-Entwickler des LMO.<\/p>\n<p><a href=\"https:\/\/lmosteo.com\">https:\/\/lmosteo.com<\/a><\/p>\n<p>\u00a0<\/p>\n<p>Er hat als Co-Autor bei drei B\u00fcchern mitgewirkt:<\/p>\n<ul>\n<li><em>Le lien M\u00e9canique Ost\u00e9opathique : art\u00e8res et syst\u00e8me neuro-v\u00e9g\u00e9tatif, \u00c9ditions Sully: 2009<\/em><\/li>\n<li><em>Le Lien M\u00e9canique Ost\u00e9opathique : l\u00e9sions ost\u00e9opathiques de l&rsquo;os, \u00c9ditions Sully: 2012<\/em><\/li>\n<li><em>Le Lien M\u00e9canique Ost\u00e9opathique : points cl\u00e9s du syst\u00e8me nerveux p\u00e9riph\u00e9rique, \u00c9ditions Sully: 2017<br \/><\/em><\/li>\n<\/ul>\n<p>Er ist <strong>Mitbegr\u00fcnder des &lsquo;Concept de la Dynamique EAU&rsquo;st\u00e9opathique&rsquo;<\/strong><\/p>\n<p><img loading=\"lazy\" class=\"size-medium wp-image-1571 alignleft\" src=\"http:\/\/ap-vf-lmo.ch\/wordpress\/wp-content\/uploads\/2020\/01\/parlosteo-7-211x300.jpeg\" alt=\"\" width=\"211\" height=\"300\" srcset=\"http:\/\/ap-vf-lmo.ch\/wordpress\/wp-content\/uploads\/2020\/01\/parlosteo-7-211x300.jpeg 211w, http:\/\/ap-vf-lmo.ch\/wordpress\/wp-content\/uploads\/2020\/01\/parlosteo-7.jpeg 555w\" sizes=\"(max-width: 211px) 100vw, 211px\" \/><\/p>\n<p>\u00a0<\/p>\n<p><b>Frau Elea Menand-Faure,<\/b><\/p>\n<p>Osteopathin DO, arbeitet in eigener Privatpraxis in Pornic, Frankreich.<\/p>\n<p>Sie ist Dozentin und Beauftragte f\u00fcr Dissektionen f\u00fcr PARLOSTEO im Anatomielabor an der Medizinischen Fakult\u00e4t Nantes, Frankreich.<\/p>\n<p>Sie ist <strong>Mitbegr\u00fcnderin des &lsquo;Concept de la Dynamique EAU&rsquo;st\u00e9opathique&rsquo;<\/strong><\/p>\n<p><b>\u00a0<\/b><\/p>\n<p>\u00a0<\/p>\n<p><strong>\u00dcbersetzung:<\/strong> Christina Sturny<\/p>\n<h6><strong>Kursbeschreibung<\/strong><\/h6>\n<p>Dr. Jacques MICHAUD und El\u00e9a MENAND-FAURE sind zwei leidenschaftlich Forschende, die ihr Wissen und ihre Entdeckungen teilen m\u00f6chten.<\/p>\n<p>Urspr\u00fcnglich praktizierten und lehrten sie Lien M\u00e9canique Ost\u00e9opathique, ihre Vision und Praxis haben sich nun zu einem neuen Konzept weiterentwickelt: dem <a href=\"https:\/\/parlosteo.com\/qui-sommes-nous\/\">\u00abConcept de la Dynamique EAU\u2019st\u00e9opathique\u00bb<\/a> in der manuellen Medizin.<\/p>\n<p>\u00a0<\/p>\n<p>Dieses neue Konzept hebt die Bedeutung von WASSER und ELEKTROMAGNETISMUS als Vektoren wesentlicher Informations\u00fcbertragungen f\u00fcr den K\u00f6rper hervor.<\/p>\n<p><strong>Was ist, wenn die osteopathische L\u00e4sion prim\u00e4r eine aquatische L\u00e4sion ist?<\/strong><\/p>\n<p>Durch ihre Forschungen, die sie am CHU im Anatomielabor der medizinischen Fakult\u00e4t in Nantes in den Bereichen Neurologie und Angiologie durchf\u00fchrten, gelangten sie zu einer anderen Erkl\u00e4rungsvision, wie der menschliche K\u00f6rper funktioniert. Es ist diese Vision, die sie mit Ihnen teilen m\u00f6chten. Wasser und Fl\u00fcssigkeiten sind die Hauptvektoren der im K\u00f6rper zirkulierenden Informationen, ein riesiges Netzwerk der Kommunikation und des Austauschs. Was auch immer die Praxis ist, der elektromagnetische Pfad ist die Verbindung zwischen allen Therapeuten! Durch osteopathische Theorie und Praxis erfahren Sie, wie Sie die gro\u00dfen elektromagnetischen Kommunikationsnetze regulieren k\u00f6nnen.<\/p>\n<p>Warum braucht es eine systemische Sichtweise? Ohne diese Netzwerke und die darin zirkulierenden Informationen w\u00e4ren die klassischen anatomischen Gebiete voneinander isoliert und v\u00f6llig leblos.\u00a0 Die k\u00f6rpereigenen Netzwerke m\u00fcssen unsere volle Aufmerksamkeit erhalten und in der Behandlung priorisiert werden, damit das Leben, der Atem, in allen Teilen des K\u00f6rpers erhalten bleibt oder wieder hergestellt wird.<\/p>\n<p>\u00a0<\/p>\n<p>In diesem Seminar werden Sie das R\u00fcckfluss-System, das bisher weitgehend untersch\u00e4tzt wurde, entdecken und lernen, es in Ihre Gesamtuntersuchung zu integrieren. Dazu geh\u00f6rt auch das <strong>Testen und Regulieren der Venensysteme Vena portae, Vena cava und Vena azygos sowie des Lymphsystems.<\/strong><\/p>\n<p>\u00a0<\/p>\n<p>Dieses Seminar wird uns in die Schwingung des Wassers versetzen!<\/p>\n<h6>Zielsetzung:<\/h6>\n<p>Die Teilnehmer sollen in die Lage versetzt werden<\/p>\n<ul>\n<li>Die Bedeutung der Eigenschaften von Wasser in der menschlichen Physiologie und im Informationsaustausch zu verstehen.<\/li>\n<li>Das Konzept in der manuellen Therapie anzuwenden.<\/li>\n<li>Die Netzwerke der Informationskommunikation zu analysieren,<\/li>\n<li>und Schl\u00fcssel zur Diagnose und Regulierung f\u00fcr deren Fehlfunktionen zu nutzen.<\/li>\n<li>Ein Entscheidungsschema zu evaluieren.<\/li>\n<\/ul>\n<h6>Programm:<\/h6>\n<ul>\n<li>Rechtes Herz<\/li>\n<li>Vena Cava &#8211; System<\/li>\n<li>Vena Portae &#8211; System<\/li>\n<li>Das Azygos &#8211; System<\/li>\n<li>Das lymphatische System<\/li>\n<li>Das Diaphragma<\/li>\n<\/ul>\n<p><strong>Anmeldung: (Mit der Anmeldung erkl\u00e4ren Sie sich einverstanden mit unserem <a href=\"https:\/\/ap-vf-lmo.ch\/wordpress\/?page_id=1751&amp;lang=de\">COVID-19 Schutzkonzept<\/a>)<\/strong><\/p>\n<div id=\"vfb-form-52\" class=\"visual-form-builder-container\"><form id=\"regulierung-des-rueckfluss-systems-juli-21-52\" class=\"visual-form-builder vfb-form-52 \" method=\"post\" enctype=\"multipart\/form-data\">\n\t\t\t<input type=\"hidden\" name=\"form_id\" value=\"52\" \/><fieldset class=\"vfb-fieldset vfb-fieldset-1 regulierung-des-rueckfluss-systems-juli-21 \" id=\"item-vfb-664\"><div class=\"vfb-legend\"><h3>Regulierung des R\u00fcckfluss-Systems Juli 21<\/h3><\/div><ul class=\"vfb-section vfb-section-1\"><li class=\"vfb-item vfb-item-text  \" id=\"item-vfb-665\"><label for=\"vfb-665\" class=\"vfb-desc\">Name  <span class=\"vfb-required-asterisk\">*<\/span><\/label><input type=\"text\" name=\"vfb-665\" id=\"vfb-665\" value=\"\" class=\"vfb-text  vfb-medium  required  \" \/><\/li><li class=\"vfb-item vfb-item-text  \" id=\"item-vfb-666\"><label for=\"vfb-666\" class=\"vfb-desc\">Vorname  <span class=\"vfb-required-asterisk\">*<\/span><\/label><input type=\"text\" name=\"vfb-666\" id=\"vfb-666\" value=\"\" class=\"vfb-text  vfb-medium  required  \" \/><\/li><li class=\"vfb-item vfb-item-email  \" id=\"item-vfb-668\"><label for=\"vfb-668\" class=\"vfb-desc\">Email  <span class=\"vfb-required-asterisk\">*<\/span><\/label><input type=\"email\" name=\"vfb-668\" id=\"vfb-668\" value=\"\" class=\"vfb-text  vfb-medium  required  email \" \/><\/li><li class=\"vfb-item vfb-item-text  \" id=\"item-vfb-667\"><label for=\"vfb-667\" class=\"vfb-desc\">Strasse  <span class=\"vfb-required-asterisk\">*<\/span><\/label><input type=\"text\" name=\"vfb-667\" id=\"vfb-667\" value=\"\" class=\"vfb-text  vfb-medium  required  \" \/><\/li><li class=\"vfb-item vfb-item-text  \" id=\"item-vfb-669\"><label for=\"vfb-669\" class=\"vfb-desc\">Hausnummer  <span class=\"vfb-required-asterisk\">*<\/span><\/label><input type=\"text\" name=\"vfb-669\" id=\"vfb-669\" value=\"\" class=\"vfb-text  vfb-medium  required  \" \/><\/li><li class=\"vfb-item vfb-item-text  \" id=\"item-vfb-670\"><label for=\"vfb-670\" class=\"vfb-desc\">Postleitzahl  <span class=\"vfb-required-asterisk\">*<\/span><\/label><input type=\"text\" name=\"vfb-670\" id=\"vfb-670\" value=\"\" class=\"vfb-text  vfb-medium  required  \" \/><\/li><li class=\"vfb-item vfb-item-text  \" id=\"item-vfb-671\"><label for=\"vfb-671\" class=\"vfb-desc\">Ort  <span class=\"vfb-required-asterisk\">*<\/span><\/label><input type=\"text\" name=\"vfb-671\" id=\"vfb-671\" value=\"\" class=\"vfb-text  vfb-medium  required  \" \/><\/li><li class=\"vfb-item vfb-item-text  \" id=\"item-vfb-672\"><label for=\"vfb-672\" class=\"vfb-desc\">Land  <span class=\"vfb-required-asterisk\">*<\/span><\/label><input type=\"text\" name=\"vfb-672\" id=\"vfb-672\" value=\"\" class=\"vfb-text  vfb-medium  required  \" \/><\/li><\/ul>&nbsp;<\/fieldset><fieldset class=\"vfb-fieldset vfb-fieldset-2 kommentar \" id=\"item-vfb-661\" style=\"display:block\"><div class=\"vfb-legend\"><h3>Kommentar<\/h3><\/div><ul class=\"vfb-section vfb-section-2\"><li class=\"vfb-item vfb-item-secret\"  style=\"display:block\"><label for=\"vfb-662\" class=\"vfb-desc\"><\/label><input type=\"hidden\" name=\"_vfb-required-secret\" value=\"0\" \/><input type=\"hidden\" name=\"_vfb-secret\" value=\"vfb-662\" \/><input type=\"text\" name=\"vfb-662\" id=\"vfb-662\" value=\"\" class=\"vfb-text  vfb-medium  {digits:true,maxlength:2,minlength:2} \" style=\"display:block\" \/><li style=\"display:none;\"><label>Cette bo\u00eete est pour la protection contre le spam - <strong>Veuillez laisser en blanc<\/strong>:<\/label><div><input name=\"vfb-spam\" \/><\/div><\/li>\n\t\t\t<li class=\"vfb-item vfb-item-submit\" id=\"item-vfb-663\">\n\t\t\t\t\t\t<input type=\"submit\" name=\"vfb-submit\" id=\"vfb-663\" value=\"Senden\" class=\"vfb-submit \" \/>\n\t\t\t\t\t\t<\/li><\/ul>\n\t\t\t<\/fieldset><input type=\"hidden\" name=\"_wp_http_referer\" value=\"\/wordpress\/index.php?rest_route=%2Fwp%2Fv2%2Fpages%2F1581\" \/><\/form><\/div> <!-- .visual-form-builder-container -->\n<\/div><\/div><\/div>\n","protected":false},"excerpt":{"rendered":"<p>PARLOSTEO stellt mit der\u00abRegulierung der Systeme\u00bb eine neue Sichtweise des Osteopathiekonzepts vor. \u00a0 Daten: 19.-21. Juni 2020 wegen Coronakrise verschoben<\/p>\n","protected":false},"author":1,"featured_media":0,"parent":377,"menu_order":0,"comment_status":"closed","ping_status":"closed","template":"","meta":[],"_links":{"self":[{"href":"http:\/\/ap-vf-lmo.ch\/wordpress\/index.php?rest_route=\/wp\/v2\/pages\/1581"}],"collection":[{"href":"http:\/\/ap-vf-lmo.ch\/wordpress\/index.php?rest_route=\/wp\/v2\/pages"}],"about":[{"href":"http:\/\/ap-vf-lmo.ch\/wordpress\/index.php?rest_route=\/wp\/v2\/types\/page"}],"author":[{"embeddable":true,"href":"http:\/\/ap-vf-lmo.ch\/wordpress\/index.php?rest_route=\/wp\/v2\/users\/1"}],"replies":[{"embeddable":true,"href":"http:\/\/ap-vf-lmo.ch\/wordpress\/index.php?rest_route=%2Fwp%2Fv2%2Fcomments&post=1581"}],"version-history":[{"count":40,"href":"http:\/\/ap-vf-lmo.ch\/wordpress\/index.php?rest_route=\/wp\/v2\/pages\/1581\/revisions"}],"predecessor-version":[{"id":2082,"href":"http:\/\/ap-vf-lmo.ch\/wordpress\/index.php?rest_route=\/wp\/v2\/pages\/1581\/revisions\/2082"}],"up":[{"embeddable":true,"href":"http:\/\/ap-vf-lmo.ch\/wordpress\/index.php?rest_route=\/wp\/v2\/pages\/377"}],"wp:attachment":[{"href":"http:\/\/ap-vf-lmo.ch\/wordpress\/index.php?rest_route=%2Fwp%2Fv2%2Fmedia&parent=1581"}],"curies":[{"name":"wp","href":"https:\/\/api.w.org\/{rel}","templated":true}]}}