{"id":1452,"date":"2019-09-16T16:49:34","date_gmt":"2019-09-16T16:49:34","guid":{"rendered":"http:\/\/ap-vf-lmo.ch\/wordpress\/?page_id=1452"},"modified":"2024-07-07T19:56:56","modified_gmt":"2024-07-07T19:56:56","slug":"presentation","status":"publish","type":"page","link":"https:\/\/ap-vf-lmo.ch\/wordpress\/?lang=fr","title":{"rendered":"Pr\u00e9sentation"},"content":{"rendered":"<p>L&rsquo;Association pour la promotion de la LMO en Suisse a \u00e9t\u00e9 fond\u00e9e en 2015. Son but est de promouvoir la m\u00e9thode de Lien M\u00e9chanique Ost\u00e9opathique en Suisse et d&rsquo;assurer la formation continue de ceux qui pratiquent d\u00e9j\u00e0 la LMO.<\/p>\n<p><strong>Statuts de l&rsquo;association LMO Suisse (sont sous ajustement)<\/strong><\/p>\n<p><strong>Comit\u00e9 de l&rsquo;association actuel :<\/strong><\/p>\n<p style=\"padding-left: 40px;\">Pr\u00e9sident : Dominique Moreau<br \/>\n024 477 17 24<br \/>\ndmoreau@omedia.ch<\/p>\n<p style=\"padding-left: 40px;\">Vice-pr\u00e9sident : Lionel Fleury<br \/>\n026 670 75 25<br \/>\nlionelfleuryosteo@gmail.com<\/p>\n<p style=\"padding-left: 40px;\">Caissier : Jean-Marc Duplain<br \/>\n079 287 75 65<br \/>\njeanmarcduplain@me.com<\/p>\n<p style=\"padding-left: 40px;\">Membre : Christophe Jaquerod<br \/>\n079 337 21 10<br \/>\nchristophejaquerod@gmail.com<\/p>\n<p style=\"padding-left: 40px;\">Secr\u00e9taire germanophone : Karin Locher<br \/>\n078 876 81 68<br \/>\nkarin.locher@me.com<\/p>\n<p><strong>Comit\u00e9 fondateur :<\/strong><\/p>\n<p style=\"padding-left: 40px;\">Pr\u00e9sident : Dominique Moreau<br \/>\nVice-pr\u00e9sident : &#x271d; Diane Mottier<br \/>\nSecr\u00e9taire : Fabienne Maus Talon<br \/>\nTr\u00e9sorier : Jean-Marc Duplain<br \/>\nCommissaire aux comptes : Yves Th\u00e9nault<br \/>\nMembre germanophone : Karin Locher<\/p>\n<p><strong>Les objectifs de l&rsquo;association sont les suivants :<\/strong><\/p>\n<ul>\n<li>Organiser une formation compl\u00e8te pour les LMO en Suisse, selon les crit\u00e8res actuels des formations d\u00e9j\u00e0 existantes en Allemagne et en France (6 x 3 jours pour l&rsquo;enseignement de base), dispens\u00e9e par des formateurs accr\u00e9dit\u00e9s par l&rsquo;Association LMO (France).<\/li>\n<li>Organiser des cours de r\u00e9vision et de perfectionnement LMO en Suisse, r\u00e9pondant aux crit\u00e8res de la formation continue des ost\u00e9opathes en Suisse et du programme officiel de l&rsquo;Association LMO (France).<\/li>\n<li>D\u00e9velopper des supports de cours, des outils didactiques et num\u00e9riques qui r\u00e9pondent aux besoins des praticiens LMO et qui sont\/seront reconnus par l&rsquo;Association LMO (France).<\/li>\n<\/ul>\n<p><strong>\u00c9quipe d&rsquo;enseignants suisses<\/strong><\/p>\n<p style=\"padding-left: 40px;\">Dominique Moreau<br \/>\n024 477 17 24<br \/>\ndmoreau@omedia.ch<\/p>\n","protected":false},"excerpt":{"rendered":"<p>L&rsquo;Association pour la promotion de la LMO en Suisse a \u00e9t\u00e9 fond\u00e9e en 2015. Son but est de promouvoir la<\/p>\n","protected":false},"author":1,"featured_media":0,"parent":0,"menu_order":0,"comment_status":"closed","ping_status":"closed","template":"","meta":[],"_links":{"self":[{"href":"https:\/\/ap-vf-lmo.ch\/wordpress\/index.php?rest_route=\/wp\/v2\/pages\/1452"}],"collection":[{"href":"https:\/\/ap-vf-lmo.ch\/wordpress\/index.php?rest_route=\/wp\/v2\/pages"}],"about":[{"href":"https:\/\/ap-vf-lmo.ch\/wordpress\/index.php?rest_route=\/wp\/v2\/types\/page"}],"author":[{"embeddable":true,"href":"https:\/\/ap-vf-lmo.ch\/wordpress\/index.php?rest_route=\/wp\/v2\/users\/1"}],"replies":[{"embeddable":true,"href":"https:\/\/ap-vf-lmo.ch\/wordpress\/index.php?rest_route=%2Fwp%2Fv2%2Fcomments&post=1452"}],"version-history":[{"count":15,"href":"https:\/\/ap-vf-lmo.ch\/wordpress\/index.php?rest_route=\/wp\/v2\/pages\/1452\/revisions"}],"predecessor-version":[{"id":2834,"href":"https:\/\/ap-vf-lmo.ch\/wordpress\/index.php?rest_route=\/wp\/v2\/pages\/1452\/revisions\/2834"}],"wp:attachment":[{"href":"https:\/\/ap-vf-lmo.ch\/wordpress\/index.php?rest_route=%2Fwp%2Fv2%2Fmedia&parent=1452"}],"curies":[{"name":"wp","href":"https:\/\/api.w.org\/{rel}","templated":true}]}}